{"id":6982,"date":"2026-02-04T15:30:40","date_gmt":"2026-02-04T14:30:40","guid":{"rendered":"https:\/\/fondation-champittet.ch\/?page_id=6982"},"modified":"2026-02-10T14:01:42","modified_gmt":"2026-02-10T13:01:42","slug":"project-crans-montana","status":"publish","type":"page","link":"https:\/\/fondation-champittet.ch\/en\/project-crans-montana\/","title":{"rendered":"Project Crans-Montana"},"content":{"rendered":"\n<div class=\"wp-block-cover is-light\"><span aria-hidden=\"true\" class=\"wp-block-cover__background has-background-dim-30 has-background-dim\" style=\"background-color:#b1b4c4\"><\/span><img decoding=\"async\" width=\"2048\" height=\"1488\" src=\"https:\/\/fondation-champittet.ch\/wp-content\/uploads\/2026\/02\/Fondation-Champittet-Projet-skieur-en-coeur.jpg\" class=\"wp-block-cover__image-background wp-post-image\" alt=\"\" data-object-fit=\"cover\" data-object-position=\"50% 70%\" style=\"object-position:50% 70%;\" srcset=\"https:\/\/fondation-champittet.ch\/wp-content\/uploads\/2026\/02\/Fondation-Champittet-Projet-skieur-en-coeur.jpg 2048w, https:\/\/fondation-champittet.ch\/wp-content\/uploads\/2026\/02\/Fondation-Champittet-Projet-skieur-en-coeur-300x218.jpg 300w, https:\/\/fondation-champittet.ch\/wp-content\/uploads\/2026\/02\/Fondation-Champittet-Projet-skieur-en-coeur-1024x744.jpg 1024w, https:\/\/fondation-champittet.ch\/wp-content\/uploads\/2026\/02\/Fondation-Champittet-Projet-skieur-en-coeur-768x558.jpg 768w, https:\/\/fondation-champittet.ch\/wp-content\/uploads\/2026\/02\/Fondation-Champittet-Projet-skieur-en-coeur-1536x1116.jpg 1536w, https:\/\/fondation-champittet.ch\/wp-content\/uploads\/2026\/02\/Fondation-Champittet-Projet-skieur-en-coeur-600x436.jpg 600w\" sizes=\"(max-width: 2048px) 100vw, 2048px\" \/><div class=\"wp-block-cover__inner-container is-layout-flow wp-block-cover-is-layout-flow\">\n<h2 class=\"wp-block-heading\" id=\"projet-a-madagascar\">Project Crans-Montana<\/h2>\n<\/div><\/div>\n\n\n\n<div style=\"height:100px\" aria-hidden=\"true\" class=\"wp-block-spacer\"><\/div>\n\n\n\n<div class=\"wp-block-group container is-layout-flow wp-block-group-is-layout-flow\">\n<p><s>Project <\/s><\/p>\n\n\n\n<h1 class=\"wp-block-heading\">Crans-Montana<\/h1>\n\n\n\n<p>In the wake of the Crans-Montana tragedy, let us come together to convey<strong> a strong message of hope<\/strong>, solidarity, and support.<br>The <strong>Foundation Ball 2026<\/strong> is intended as a moment of sharing and commitment, dedicated to a deeply human cause.<\/p>\n\n\n\n<p>This 2026 edition will be <strong>entirely in support of children who are victims of severe burns<\/strong>, as well as their families facing situations of extreme hardship. Through your participation, you make a tangible contribution to their medical, psychological, and social care.<\/p>\n\n\n\n<p>By taking part in this charity event, you support an essential initiative led by the <strong>Fondation Coll\u00e8ge Champittet<\/strong> and become an active participant in building a more compassionate and united future.<\/p>\n\n\n\n<div class=\"wp-block-buttons is-content-justification-center is-layout-flex wp-container-core-buttons-is-layout-16018d1d wp-block-buttons-is-layout-flex\">\n<div class=\"wp-block-button\"><a class=\"wp-block-button__link has-blue-background-color has-background wp-element-button\" href=\"https:\/\/www.nordangliaeducation.com\/-\/media\/champittet\/migrated-content\/pdfs\/crans-montana--raising-funds-for-children-suffering-from-burn-injuries-(1).pdf?rev=156a4e0f2a6c4ef8bad796a4c35c0ba8\">Discover <strong>o<\/strong>ur commitment<\/a><\/div>\n\n\n\n<div class=\"wp-block-button\"><a class=\"wp-block-button__link has-blue-background-color has-background wp-element-button\" href=\"https:\/\/fondation-champittet.ch\/bal-de-la-fondation-beau-rivage-palace-lausanne-9-mai-2026-a-18h00\/\"><strong>Take part in the 2026 Ball<\/strong><\/a><\/div>\n<\/div>\n\n\n\n<div style=\"height:100px\" aria-hidden=\"true\" class=\"wp-block-spacer\"><\/div>\n<\/div>\n\n\n\n<p><\/p>\n","protected":false},"excerpt":{"rendered":"<p>Project Crans-Montana In the wake of the Crans-Montana tragedy, let us come together to convey a strong message of hope, solidarity, and support.The Foundation Ball 2026 is intended as a moment of sharing and commitment, dedicated to a deeply human cause. This 2026 edition will be entirely in support of children who are victims of [&hellip;]<\/p>\n","protected":false},"author":1,"featured_media":6954,"parent":0,"menu_order":0,"comment_status":"closed","ping_status":"closed","template":"","meta":{"_acf_changed":false,"_price":"","_stock":"","_tribe_ticket_header":"","_tribe_default_ticket_provider":"","_ticket_start_date":"","_ticket_end_date":"","_tribe_ticket_show_description":"","_tribe_ticket_show_not_going":false,"_tribe_ticket_use_global_stock":"","_tribe_ticket_global_stock_level":"","_global_stock_mode":"","_global_stock_cap":"","_tribe_rsvp_for_event":"","_tribe_ticket_going_count":"","_tribe_ticket_not_going_count":"","_tribe_tickets_list":"[]","_tribe_ticket_has_attendee_info_fields":false,"footnotes":"","_tec_slr_enabled":"","_tec_slr_layout":""},"class_list":["post-6982","page","type-page","status-publish","has-post-thumbnail","hentry"],"acf":[],"yoast_head":"<!-- This site is optimized with the Yoast SEO plugin v26.7 - https:\/\/yoast.com\/wordpress\/plugins\/seo\/ -->\n<title>Project Crans-Montana - Fondation Coll\u00e8ge Champittet<\/title>\n<meta name=\"description\" content=\"Project Crans-Montana Project Crans-Montana In the wake of the Crans-Montana tragedy, let us come together to convey a strong message of hope, solidarity,\" \/>\n<meta name=\"robots\" content=\"index, follow, max-snippet:-1, max-image-preview:large, max-video-preview:-1\" \/>\n<link rel=\"canonical\" href=\"https:\/\/fondation-champittet.ch\/en\/project-crans-montana\/\" \/>\n<meta property=\"og:locale\" content=\"en_US\" \/>\n<meta property=\"og:type\" content=\"article\" \/>\n<meta property=\"og:title\" content=\"Project Crans-Montana - Fondation Coll\u00e8ge Champittet\" \/>\n<meta property=\"og:description\" content=\"Project Crans-Montana Project Crans-Montana In the wake of the Crans-Montana tragedy, let us come together to convey a strong message of hope, solidarity,\" \/>\n<meta property=\"og:url\" content=\"https:\/\/fondation-champittet.ch\/en\/project-crans-montana\/\" \/>\n<meta property=\"og:site_name\" content=\"Fondation Coll\u00e8ge Champittet\" \/>\n<meta property=\"article:publisher\" content=\"https:\/\/www.facebook.com\/champittet\/\" \/>\n<meta property=\"article:modified_time\" content=\"2026-02-10T13:01:42+00:00\" \/>\n<meta property=\"og:image\" content=\"https:\/\/fondation-champittet.ch\/wp-content\/uploads\/2026\/02\/Fondation-Champittet-Projet-skieur-en-coeur.jpg\" \/>\n\t<meta property=\"og:image:width\" content=\"2048\" \/>\n\t<meta property=\"og:image:height\" content=\"1488\" \/>\n\t<meta property=\"og:image:type\" content=\"image\/jpeg\" \/>\n<meta name=\"twitter:card\" content=\"summary_large_image\" \/>\n<meta name=\"twitter:label1\" content=\"Est. reading time\" \/>\n\t<meta name=\"twitter:data1\" content=\"1 minute\" \/>\n<script type=\"application\/ld+json\" class=\"yoast-schema-graph\">{\"@context\":\"https:\/\/schema.org\",\"@graph\":[{\"@type\":\"WebPage\",\"@id\":\"https:\/\/fondation-champittet.ch\/en\/project-crans-montana\/\",\"url\":\"https:\/\/fondation-champittet.ch\/en\/project-crans-montana\/\",\"name\":\"Project Crans-Montana - Fondation Coll\u00e8ge Champittet\",\"isPartOf\":{\"@id\":\"https:\/\/fondation-champittet.ch\/#website\"},\"primaryImageOfPage\":{\"@id\":\"https:\/\/fondation-champittet.ch\/en\/project-crans-montana\/#primaryimage\"},\"image\":{\"@id\":\"https:\/\/fondation-champittet.ch\/en\/project-crans-montana\/#primaryimage\"},\"thumbnailUrl\":\"https:\/\/fondation-champittet.ch\/wp-content\/uploads\/2026\/02\/Fondation-Champittet-Projet-skieur-en-coeur.jpg\",\"datePublished\":\"2026-02-04T14:30:40+00:00\",\"dateModified\":\"2026-02-10T13:01:42+00:00\",\"description\":\"Project Crans-Montana Project Crans-Montana In the wake of the Crans-Montana tragedy, let us come together to convey a strong message of hope, solidarity,\",\"breadcrumb\":{\"@id\":\"https:\/\/fondation-champittet.ch\/en\/project-crans-montana\/#breadcrumb\"},\"inLanguage\":\"en-US\",\"potentialAction\":[{\"@type\":\"ReadAction\",\"target\":[\"https:\/\/fondation-champittet.ch\/en\/project-crans-montana\/\"]}]},{\"@type\":\"ImageObject\",\"inLanguage\":\"en-US\",\"@id\":\"https:\/\/fondation-champittet.ch\/en\/project-crans-montana\/#primaryimage\",\"url\":\"https:\/\/fondation-champittet.ch\/wp-content\/uploads\/2026\/02\/Fondation-Champittet-Projet-skieur-en-coeur.jpg\",\"contentUrl\":\"https:\/\/fondation-champittet.ch\/wp-content\/uploads\/2026\/02\/Fondation-Champittet-Projet-skieur-en-coeur.jpg\",\"width\":2048,\"height\":1488},{\"@type\":\"BreadcrumbList\",\"@id\":\"https:\/\/fondation-champittet.ch\/en\/project-crans-montana\/#breadcrumb\",\"itemListElement\":[{\"@type\":\"ListItem\",\"position\":1,\"name\":\"Accueil\",\"item\":\"https:\/\/fondation-champittet.ch\/en\/\"},{\"@type\":\"ListItem\",\"position\":2,\"name\":\"Project Crans-Montana\"}]},{\"@type\":\"WebSite\",\"@id\":\"https:\/\/fondation-champittet.ch\/#website\",\"url\":\"https:\/\/fondation-champittet.ch\/\",\"name\":\"Fondation Coll\u00e8ge Champittet\",\"description\":\"En faveur de l\u2019\u00e9ducation en Suisse et dans des pays d\u00e9favoris\u00e9s\",\"alternateName\":\"FCC\",\"potentialAction\":[{\"@type\":\"SearchAction\",\"target\":{\"@type\":\"EntryPoint\",\"urlTemplate\":\"https:\/\/fondation-champittet.ch\/?s={search_term_string}\"},\"query-input\":{\"@type\":\"PropertyValueSpecification\",\"valueRequired\":true,\"valueName\":\"search_term_string\"}}],\"inLanguage\":\"en-US\"}]}<\/script>\n<!-- \/ Yoast SEO plugin. -->","yoast_head_json":{"title":"Project Crans-Montana - Fondation Coll\u00e8ge Champittet","description":"Project Crans-Montana Project Crans-Montana In the wake of the Crans-Montana tragedy, let us come together to convey a strong message of hope, solidarity,","robots":{"index":"index","follow":"follow","max-snippet":"max-snippet:-1","max-image-preview":"max-image-preview:large","max-video-preview":"max-video-preview:-1"},"canonical":"https:\/\/fondation-champittet.ch\/en\/project-crans-montana\/","og_locale":"en_US","og_type":"article","og_title":"Project Crans-Montana - Fondation Coll\u00e8ge Champittet","og_description":"Project Crans-Montana Project Crans-Montana In the wake of the Crans-Montana tragedy, let us come together to convey a strong message of hope, solidarity,","og_url":"https:\/\/fondation-champittet.ch\/en\/project-crans-montana\/","og_site_name":"Fondation Coll\u00e8ge Champittet","article_publisher":"https:\/\/www.facebook.com\/champittet\/","article_modified_time":"2026-02-10T13:01:42+00:00","og_image":[{"width":2048,"height":1488,"url":"https:\/\/fondation-champittet.ch\/wp-content\/uploads\/2026\/02\/Fondation-Champittet-Projet-skieur-en-coeur.jpg","type":"image\/jpeg"}],"twitter_card":"summary_large_image","twitter_misc":{"Est. reading time":"1 minute"},"schema":{"@context":"https:\/\/schema.org","@graph":[{"@type":"WebPage","@id":"https:\/\/fondation-champittet.ch\/en\/project-crans-montana\/","url":"https:\/\/fondation-champittet.ch\/en\/project-crans-montana\/","name":"Project Crans-Montana - Fondation Coll\u00e8ge Champittet","isPartOf":{"@id":"https:\/\/fondation-champittet.ch\/#website"},"primaryImageOfPage":{"@id":"https:\/\/fondation-champittet.ch\/en\/project-crans-montana\/#primaryimage"},"image":{"@id":"https:\/\/fondation-champittet.ch\/en\/project-crans-montana\/#primaryimage"},"thumbnailUrl":"https:\/\/fondation-champittet.ch\/wp-content\/uploads\/2026\/02\/Fondation-Champittet-Projet-skieur-en-coeur.jpg","datePublished":"2026-02-04T14:30:40+00:00","dateModified":"2026-02-10T13:01:42+00:00","description":"Project Crans-Montana Project Crans-Montana In the wake of the Crans-Montana tragedy, let us come together to convey a strong message of hope, solidarity,","breadcrumb":{"@id":"https:\/\/fondation-champittet.ch\/en\/project-crans-montana\/#breadcrumb"},"inLanguage":"en-US","potentialAction":[{"@type":"ReadAction","target":["https:\/\/fondation-champittet.ch\/en\/project-crans-montana\/"]}]},{"@type":"ImageObject","inLanguage":"en-US","@id":"https:\/\/fondation-champittet.ch\/en\/project-crans-montana\/#primaryimage","url":"https:\/\/fondation-champittet.ch\/wp-content\/uploads\/2026\/02\/Fondation-Champittet-Projet-skieur-en-coeur.jpg","contentUrl":"https:\/\/fondation-champittet.ch\/wp-content\/uploads\/2026\/02\/Fondation-Champittet-Projet-skieur-en-coeur.jpg","width":2048,"height":1488},{"@type":"BreadcrumbList","@id":"https:\/\/fondation-champittet.ch\/en\/project-crans-montana\/#breadcrumb","itemListElement":[{"@type":"ListItem","position":1,"name":"Accueil","item":"https:\/\/fondation-champittet.ch\/en\/"},{"@type":"ListItem","position":2,"name":"Project Crans-Montana"}]},{"@type":"WebSite","@id":"https:\/\/fondation-champittet.ch\/#website","url":"https:\/\/fondation-champittet.ch\/","name":"Fondation Coll\u00e8ge Champittet","description":"En faveur de l\u2019\u00e9ducation en Suisse et dans des pays d\u00e9favoris\u00e9s","alternateName":"FCC","potentialAction":[{"@type":"SearchAction","target":{"@type":"EntryPoint","urlTemplate":"https:\/\/fondation-champittet.ch\/?s={search_term_string}"},"query-input":{"@type":"PropertyValueSpecification","valueRequired":true,"valueName":"search_term_string"}}],"inLanguage":"en-US"}]}},"ticketed":false,"_links":{"self":[{"href":"https:\/\/fondation-champittet.ch\/en\/wp-json\/wp\/v2\/pages\/6982","targetHints":{"allow":["GET"]}}],"collection":[{"href":"https:\/\/fondation-champittet.ch\/en\/wp-json\/wp\/v2\/pages"}],"about":[{"href":"https:\/\/fondation-champittet.ch\/en\/wp-json\/wp\/v2\/types\/page"}],"author":[{"embeddable":true,"href":"https:\/\/fondation-champittet.ch\/en\/wp-json\/wp\/v2\/users\/1"}],"replies":[{"embeddable":true,"href":"https:\/\/fondation-champittet.ch\/en\/wp-json\/wp\/v2\/comments?post=6982"}],"version-history":[{"count":8,"href":"https:\/\/fondation-champittet.ch\/en\/wp-json\/wp\/v2\/pages\/6982\/revisions"}],"predecessor-version":[{"id":7073,"href":"https:\/\/fondation-champittet.ch\/en\/wp-json\/wp\/v2\/pages\/6982\/revisions\/7073"}],"wp:featuredmedia":[{"embeddable":true,"href":"https:\/\/fondation-champittet.ch\/en\/wp-json\/wp\/v2\/media\/6954"}],"wp:attachment":[{"href":"https:\/\/fondation-champittet.ch\/en\/wp-json\/wp\/v2\/media?parent=6982"}],"curies":[{"name":"wp","href":"https:\/\/api.w.org\/{rel}","templated":true}]}}